{"version":"1.0","provider_name":"Lamigraf","provider_url":"https:\/\/www.lamigraf.com\/de\/","author_name":"Maria","author_url":"https:\/\/www.lamigraf.com\/de\/author\/maria\/","title":"The Era of Re [2022\/23] - Lamigraf","type":"rich","width":600,"height":338,"html":"<blockquote class=\"wp-embedded-content\" data-secret=\"X3dFEnrQcy\"><a href=\"https:\/\/www.lamigraf.com\/de\/collections\/the-era-of-re-2022\/\">The Era of Re [2022\/23]<\/a><\/blockquote><iframe sandbox=\"allow-scripts\" security=\"restricted\" src=\"https:\/\/www.lamigraf.com\/de\/collections\/the-era-of-re-2022\/embed\/#?secret=X3dFEnrQcy\" width=\"600\" height=\"338\" title=\"&#8222;The Era of Re [2022\/23]&#8220; &#8211; Lamigraf\" data-secret=\"X3dFEnrQcy\" frameborder=\"0\" marginwidth=\"0\" marginheight=\"0\" scrolling=\"no\" class=\"wp-embedded-content\"><\/iframe><script>\n\/*! This file is auto-generated *\/\n!function(d,l){\"use strict\";l.querySelector&&d.addEventListener&&\"undefined\"!=typeof URL&&(d.wp=d.wp||{},d.wp.receiveEmbedMessage||(d.wp.receiveEmbedMessage=function(e){var t=e.data;if((t||t.secret||t.message||t.value)&&!\/[^a-zA-Z0-9]\/.test(t.secret)){for(var s,r,n,a=l.querySelectorAll('iframe[data-secret=\"'+t.secret+'\"]'),o=l.querySelectorAll('blockquote[data-secret=\"'+t.secret+'\"]'),c=new RegExp(\"^https?:$\",\"i\"),i=0;i<o.length;i++)o[i].style.display=\"none\";for(i=0;i<a.length;i++)s=a[i],e.source===s.contentWindow&&(s.removeAttribute(\"style\"),\"height\"===t.message?(1e3<(r=parseInt(t.value,10))?r=1e3:~~r<200&&(r=200),s.height=r):\"link\"===t.message&&(r=new URL(s.getAttribute(\"src\")),n=new URL(t.value),c.test(n.protocol))&&n.host===r.host&&l.activeElement===s&&(d.top.location.href=t.value))}},d.addEventListener(\"message\",d.wp.receiveEmbedMessage,!1),l.addEventListener(\"DOMContentLoaded\",function(){for(var e,t,s=l.querySelectorAll(\"iframe.wp-embedded-content\"),r=0;r<s.length;r++)(t=(e=s[r]).getAttribute(\"data-secret\"))||(t=Math.random().toString(36).substring(2,12),e.src+=\"#?secret=\"+t,e.setAttribute(\"data-secret\",t)),e.contentWindow.postMessage({message:\"ready\",secret:t},\"*\")},!1)))}(window,document);\n\/\/# sourceURL=https:\/\/www.lamigraf.com\/wp-includes\/js\/wp-embed.min.js\n<\/script>\n","thumbnail_url":"https:\/\/www.lamigraf.com\/wp-content\/uploads\/2024\/07\/HEADER2_The-Era-of-Re-2023.jpg","thumbnail_width":1920,"thumbnail_height":1080,"description":"Nach zwei turbulenten Jahren bleibt unser Wunsch nach Wohlbefinden, Sicherheit und Kontrolle stark. Wir stellen uns einen zuk\u00fcnftigen Lebensstil vor, der gesund, flexibel, vernetzt und nachhaltig ist. Die M\u00f6beldesigntrends f\u00fcr 2022\/23 spiegeln diese Vision wider mit flexiblen Heimb\u00fcrokonzepten, wohlf\u00fchlorientierten Formen und lebendigen Statement-Dekorationen"}